{"id":3129,"date":"2018-11-07T11:29:39","date_gmt":"2018-11-07T10:29:39","guid":{"rendered":"https:\/\/www.pronal.com\/politique-de-confidentialite\/"},"modified":"2019-04-25T14:44:21","modified_gmt":"2019-04-25T12:44:21","slug":"privacy-policy","status":"publish","type":"page","link":"https:\/\/www.pronal.com\/en\/privacy-policy\/","title":{"rendered":"Privacy policy"},"content":{"rendered":"<div class=\"wpb-content-wrapper\"><p>[vc_row][vc_column][vc_column_text]<\/p>\n<div class=\"rgpd\">\n<p>La pr\u00e9sente politique de confidentialit\u00e9 est fond\u00e9e sur le R\u00e8glement UE 2016\/679 relatif \u00e0 la protection des donn\u00e9es (RGPD) ainsi que sur votre consentement \u00e9clair\u00e9. Elle a pour objectif de vous informer sur le traitement de vos donn\u00e9es \u00e0 caract\u00e8re personnel.<\/p>\n<p>Cette politique de confidentialit\u00e9 ne s&#8217;applique qu&#8217;aux renseignements recueillis par le pr\u00e9sent site, bien que ce dernier puisse contenir des liens vers d&#8217;autres sites externes. Vous comprenez bien que nous ne pouvons vous garantir que ces sites appliquent la m\u00eame politique que nous en mati\u00e8re de respect de la vie priv\u00e9e, c&#8217;est pourquoi nous vous engageons \u00e0 prendre connaissance des politiques de confidentialit\u00e9 des sites web que vous seriez amen\u00e9(e) \u00e0 visiter \u00e0 partir de celui-ci avant de remettre vos donn\u00e9es personnelles.<\/p>\n<p>Nous nous r\u00e9servons la possibilit\u00e9 de modifier \u00e0 tout moment cette politique de confidentialit\u00e9, ces modifications entrant en vigueur imm\u00e9diatement. Or, \u00e0 chaque nouvelle utilisation du pr\u00e9sent site, vous vous soumettez \u00e0 la politique de confidentialit\u00e9 en vigueur.<\/p>\n<p>Aussi, nous vous invitons \u00e0 relire r\u00e9guli\u00e8rement cette page afin de maintenir votre consentement.<\/p>\n<p><u>Quels renseignements sont collect\u00e9s sur ce site\u00a0?<\/u><\/p>\n<p>Lorsque vous visitez un site internet, vous demeurez anonyme. Les informations collect\u00e9es au cours de votre navigations servent \u00e0 analyser votre comportement sur ce site et l&#8217;usage que vous en avez afin d&#8217;am\u00e9liorer votre exp\u00e9rience utilisateur.<\/p>\n<p>Les autres donn\u00e9es personnelles que nous collectons, tels que vos nom, pr\u00e9nom, adresse postale, num\u00e9ro de t\u00e9l\u00e9phone ou adresse mail, ne sont collect\u00e9es que si vous acceptez de nous les fournir, par exemple lorsque vous adh\u00e9rez \u00e0 notre newsletter, dans le cadre de la gestion de votre demande de devis ou si vous souhaitez \u00eatre recontact\u00e9(e).<\/p>\n<p>Nous nous engageons par ailleurs \u00e0 ne recueillir que les informations strictement n\u00e9cessaires au traitement de votre demande.<\/p>\n<p><u>Pourquoi collectons-nous vos donn\u00e9es personnelles\u00a0?<\/u><\/p>\n<p>Nous collectons vos donn\u00e9es personnelles afin de\u00a0:<\/p>\n<ul>\n<li>Gestion de la relation client (devis, commande, achat, demande de renseignements&#8230;)<\/li>\n<li>Suivre notre information (newsletter, &#8230;)<\/li>\n<\/ul>\n<p><u>Comment vos donn\u00e9es \u00e0 caract\u00e8re personnel sont-elles utilis\u00e9es\u00a0?<\/u><\/p>\n<p>Nous nous engageons \u00e0 respecter la stricte confidentialit\u00e9 de vos donn\u00e9es personnelles et de les utiliser uniquement pour les finalit\u00e9s pour lesquelles vous avez accept\u00e9 de nous les communiquer. Toutefois, elles ne seront pas conserv\u00e9es plus longtemps que n\u00e9cessaire, soit durant toute la dur\u00e9e de notre collaboration augment\u00e9e du d\u00e9lai de prescription l\u00e9gale. Apr\u00e8s quoi, elles seront d\u00e9truites.<\/p>\n<p>Nous pouvons \u00eatre amen\u00e9s \u00e0 les transf\u00e9rer \u00e0 des tiers tels que notre prestataire informatique, notre h\u00e9bergeur, &#8230; Nous vous garantissons cependant qu&#8217;elles seront transf\u00e9r\u00e9es selon un protocole s\u00e9curis\u00e9 et trait\u00e9es par ces derniers avec le plus grand soin et le maximum de s\u00e9curit\u00e9.<\/p>\n<p><u>Quels sont vos droits\u00a0?<\/u><\/p>\n<p>Vous avez le droit de ne pas vouloir nous communiquer de donn\u00e9es personnelles. Dans ce cas, vous pourrez naviguer sur ce site, cependant vous n&#8217;aurez pas acc\u00e8s \u00e0 l&#8217;ensemble de ses fonctionnalit\u00e9s (adh\u00e9rer \u00e0 la newsletter par exemple, demander \u00e0 \u00eatre recontact\u00e9(e), &#8230;)<\/p>\n<p>Vous avez un droit d&#8217;acc\u00e8s, de correction et de retrait de vos donn\u00e9es personnelles. Vous pouvez exercer ce droit, par exemple en les mettant \u00e0 jour, en nous demandant de les rectifier, de les compl\u00e9ter, de les mettre \u00e0 jour, de les verrouiller ou en nous demandant \u00e0 ce que vos renseignements ne figurent plus sur notre liste de diffusion, en nous contactant \u00e0 l&#8217;adresse suivante\u00a0contact@pronal.com et en joignant \u00e0 votre demande une copie d&#8217;une pi\u00e8ce d&#8217;identit\u00e9 en cours de validit\u00e9 (carte d&#8217;identit\u00e9, passeport ou permis de conduire).<\/p>\n<p>Vous avez le droit d&#8217;introduire une r\u00e9clamation aupr\u00e8s de la CNIL si vous l&#8217;estimez n\u00e9cessaire. Dans ce cas, nous vous invitons \u00e0 consulter leur site internet aux fins de conna\u00eetre les modalit\u00e9s d&#8217;ex\u00e9cution (<a href=\"https:\/\/www.cnil.fr\/\" target=\"_blank\" rel=\"noopener noreferrer\">www.cnil.fr<\/a>)<\/p>\n<p>Vous avez \u00e9galement un droit \u00e0 la portabilit\u00e9 de vos donn\u00e9es \u00e0 caract\u00e8re personnel. Vous pouvez, \u00e0 la m\u00eame adresse que pr\u00e9c\u00e9demment, demander \u00e0 ce que l&#8217;on vous restitue sur un support utilisable toutes les donn\u00e9es personnelles que vous nous avez fournies en vue par exemple de les transf\u00e9rer \u00e0 un tiers.<\/p>\n<p>Enfin, vous avez un droit d&#8217;opposition au traitement de vos donn\u00e9es pour des motifs l\u00e9gitimes ainsi qu&#8217;un droit d&#8217;opposition \u00e0 ce que ces donn\u00e9es soient utilis\u00e9es \u00e0 d&#8217;autres fins que celles auxquelles vous avez consenti(e). Vous pouvez user de ce droit en contactant le responsable de traitement \u00e0 l&#8217;adresse rappel\u00e9e ici\u00a0contact@pronal.com.<\/p>\n<p><u>Et si j&#8217;ai encore des questions\u00a0?<\/u><\/p>\n<p>Pour toutes questions cernant cette politique de confidentialit\u00e9 ou vos donn\u00e9es \u00e0 caract\u00e8re personnel, n&#8217;h\u00e9sitez pas \u00e0 nous contacter \u00e0\u00a0contact@pronal.com ou par courrier ZI ROUBAIX EST BP 18 &#8211; rue Trieu de Quesnoy 59115 LEERS.<\/p>\n<\/div>\n<p>H\u00e9bergement : AXECIBLES, soci\u00e9t\u00e9 par actions simplifi\u00e9e au capital de 180.000 euros, dont le si\u00e8ge social est situ\u00e9 : Business Park 87, rue du Molinel CS 22058 59702 Marcq en Baroeul Cedex, immatricul\u00e9e au Registre du Commerce et des Soci\u00e9t\u00e9s de LILLE METROPOLE sous le num\u00e9ro 440 043 776 00028 Code NAF 6202B<br \/>\nT\u00e9l.\u00a0: 03.59.57.51.98<\/p>\n<p>L&#8217;utilisateur du site Internet reconna\u00eet disposer de la comp\u00e9tence et des moyens n\u00e9cessaires pour acc\u00e9der et utiliser ce site. Il reconna\u00eet \u00e9galement avoir pris connaissance de la pr\u00e9sente notice l\u00e9gale et s&#8217;engage \u00e0 la respecter.<\/p>\n<p>Pour retrouver l&#8217;ensemble des informations relatives \u00e0 l&#8217;utilisation et au param\u00e9trage des cookies, veuillez cliquer ici\u00a0:\u00a0<a class=\"popup_banner thickbox\" href=\"https:\/\/www.pronal.com\/ressources\/ajax\/paquet_telecom.php\">\u00ab\u00a0En savoir plus et param\u00e9trer les cookies\u00a0\u00bb<\/a>.<\/p>\n<p>L&#8217;utilisateur est inform\u00e9 que lors de ses visites sur le site, un cookie peut s&#8217;installer automatiquement sur son logiciel de navigation. Un cookie est un \u00e9l\u00e9ment qui ne permet pas d&#8217;identifier l&#8217;utilisateur mais sert \u00e0 enregistrer des informations relatives \u00e0 la navigation de celui-ci sur le site Internet. L&#8217;utilisateur pourra d\u00e9sactiver ce cookie par l&#8217;interm\u00e9diaire des param\u00e8tres figurant au sein de son logiciel de navigation.<\/p>\n<p>L&#8217;utilisateur dispose d&#8217;un droit d&#8217;acc\u00e8s, de modification, de rectification et de suppression des donn\u00e9es qui le concernent (article 34 de la loi &#8221; Informatique et Libert\u00e9s &#8220;).<br \/>\nPour l&#8217;exercer, l&#8217;utilisateur peut s&#8217;adresser aupr\u00e8s du Directeur de la publication vis\u00e9 plus haut.<\/p>\n<p>Toute repr\u00e9sentation totale ou partielle de ce site par quelque proc\u00e9d\u00e9 que ce soit, sans l&#8217;autorisation expresse de l&#8217;exploitant du site Internet est interdite et constituerait une contrefa\u00e7on sanctionn\u00e9e par les article L 335-2 et suivants du Code de la propri\u00e9t\u00e9 intellectuelle.<\/p>\n<p>Il en est de m\u00eame des \u00e9ventuelles bases de donn\u00e9es figurant sur le site Internet qui sont prot\u00e9g\u00e9es par les dispositions de la loi du 11 juillet 1998 portant transposition dans le Code de la propri\u00e9t\u00e9 intellectuelle (CPI) de la directive europ\u00e9enne du 11 mars 1996 relative \u00e0 la protection juridique des bases de donn\u00e9es.<\/p>\n<p>Les marques de l&#8217;exploitant du site Internet et de ses partenaires, ainsi que les logos figurant sur le site sont des \u00e9l\u00e9ments prot\u00e9g\u00e9s par les dispositions du droit de la propri\u00e9t\u00e9 intellectuelle et ne peuvent faire l&#8217;objet, sans consentement du Directeur de la publication, d&#8217;aucune reproduction ni repr\u00e9sentation partielle ou totale.<\/p>\n<p>Les liens hypertextes mis en place dans le cadre du site Internet en direction d&#8217;autres ressources pr\u00e9sentes sur le r\u00e9seau de l&#8217;Internet, et notamment vers ses partenaires ont fait l&#8217;objet d&#8217;une autorisation pr\u00e9alable expresse et \u00e9crite.<\/p>\n<p>Les utilisateurs visiteurs du site Internet ne peuvent mettre en place un hyperlien en direction de ces sites sans l&#8217;autorisation expresse et pr\u00e9alable de l&#8217;exploitant du site Internet.<\/p>\n<p>Conform\u00e9ment aux articles L.612-1 et suivants issus de l&#8217;ordonnance n\u00b02016-301 du 14 mars 2016, vous avez la possibilit\u00e9 en cas de litige de recourir gratuitement au M\u00e9diateur de la Consommation relevant de notre secteur d&#8217;\u00e9conomie en vous reportant au site de la Commission d&#8217;Evaluation et de contr\u00f4le de la m\u00e9diation de la consommation charg\u00e9e d&#8217;\u00e9tablir et de mettre \u00e0 jour la liste des m\u00e9diateurs (http:\/\/www.economie.gouv.fr\/mediation-conso).<\/p>\n<p>Le pr\u00e9sent site est la propri\u00e9t\u00e9 de LOCAM, r\u00e9alis\u00e9 par AXECIBLES, \u00e9tablissement situ\u00e9 au Business Park &#8211; 87, rue du Molinel &#8211; CS 22058 &#8211; 59702 Marcq-en-Baroeul Cedex. &#8211;\u00a0<a href=\"https:\/\/www.pronal.com\/ressources\/ajax\/mentions_legales_box.php\">devis@axecibles.com<\/a>[\/vc_column_text][\/vc_column][\/vc_row]<\/p>\n<\/div>","protected":false},"excerpt":{"rendered":"<p>[vc_row][vc_column][vc_column_text] La pr\u00e9sente politique de confidentialit\u00e9 est fond\u00e9e sur le R\u00e8glement UE 2016\/679 relatif \u00e0 la protection des donn\u00e9es (RGPD) ainsi que sur votre consentement \u00e9clair\u00e9. Elle a pour objectif&#8230;<\/p>\n","protected":false},"author":2,"featured_media":0,"parent":0,"menu_order":0,"comment_status":"closed","ping_status":"closed","template":"","meta":{"_acf_changed":false,"inline_featured_image":false,"footnotes":""},"class_list":["post-3129","page","type-page","status-publish","hentry"],"acf":[],"yoast_head":"<!-- This site is optimized with the Yoast SEO plugin v25.8 - https:\/\/yoast.com\/wordpress\/plugins\/seo\/ -->\n<title>Privacy policy - Pronal - Conception et fabrication de structure flexible<\/title>\n<meta name=\"robots\" content=\"index, follow, max-snippet:-1, max-image-preview:large, max-video-preview:-1\" \/>\n<link rel=\"canonical\" href=\"https:\/\/www.pronal.com\/en\/privacy-policy\/\" \/>\n<meta property=\"og:locale\" content=\"en_US\" \/>\n<meta property=\"og:type\" content=\"article\" \/>\n<meta property=\"og:title\" content=\"Privacy policy - Pronal - Conception et fabrication de structure flexible\" \/>\n<meta property=\"og:description\" content=\"[vc_row][vc_column][vc_column_text] La pr\u00e9sente politique de confidentialit\u00e9 est fond\u00e9e sur le R\u00e8glement UE 2016\/679 relatif \u00e0 la protection des donn\u00e9es (RGPD) ainsi que sur votre consentement \u00e9clair\u00e9. Elle a pour objectif...\" \/>\n<meta property=\"og:url\" content=\"https:\/\/www.pronal.com\/en\/privacy-policy\/\" \/>\n<meta property=\"og:site_name\" content=\"Pronal - Conception et fabrication de structure flexible\" \/>\n<meta property=\"article:modified_time\" content=\"2019-04-25T12:44:21+00:00\" \/>\n<meta name=\"twitter:card\" content=\"summary_large_image\" \/>\n<meta name=\"twitter:label1\" content=\"Est. reading time\" \/>\n\t<meta name=\"twitter:data1\" content=\"7 minutes\" \/>\n<script type=\"application\/ld+json\" class=\"yoast-schema-graph\">{\"@context\":\"https:\/\/schema.org\",\"@graph\":[{\"@type\":\"WebPage\",\"@id\":\"https:\/\/www.pronal.com\/en\/privacy-policy\/\",\"url\":\"https:\/\/www.pronal.com\/en\/privacy-policy\/\",\"name\":\"Privacy policy - Pronal - Conception et fabrication de structure flexible\",\"isPartOf\":{\"@id\":\"https:\/\/www.pronal.com\/en\/#website\"},\"datePublished\":\"2018-11-07T10:29:39+00:00\",\"dateModified\":\"2019-04-25T12:44:21+00:00\",\"inLanguage\":\"en-US\",\"potentialAction\":[{\"@type\":\"ReadAction\",\"target\":[\"https:\/\/www.pronal.com\/en\/privacy-policy\/\"]}]},{\"@type\":\"WebSite\",\"@id\":\"https:\/\/www.pronal.com\/en\/#website\",\"url\":\"https:\/\/www.pronal.com\/en\/\",\"name\":\"Pronal - Conception et fabrication de structure flexible\",\"description\":\"Pronal - Conception et fabrication de structure flexible\",\"publisher\":{\"@id\":\"https:\/\/www.pronal.com\/en\/#organization\"},\"potentialAction\":[{\"@type\":\"SearchAction\",\"target\":{\"@type\":\"EntryPoint\",\"urlTemplate\":\"https:\/\/www.pronal.com\/en\/?s={search_term_string}\"},\"query-input\":{\"@type\":\"PropertyValueSpecification\",\"valueRequired\":true,\"valueName\":\"search_term_string\"}}],\"inLanguage\":\"en-US\"},{\"@type\":\"Organization\",\"@id\":\"https:\/\/www.pronal.com\/en\/#organization\",\"name\":\"Pronal\",\"url\":\"https:\/\/www.pronal.com\/en\/\",\"logo\":{\"@type\":\"ImageObject\",\"inLanguage\":\"en-US\",\"@id\":\"https:\/\/www.pronal.com\/en\/#\/schema\/logo\/image\/\",\"url\":\"https:\/\/www.pronal.com\/wp-content\/uploads\/2019\/06\/logo-pronal.png\",\"contentUrl\":\"https:\/\/www.pronal.com\/wp-content\/uploads\/2019\/06\/logo-pronal.png\",\"width\":504,\"height\":80,\"caption\":\"Pronal\"},\"image\":{\"@id\":\"https:\/\/www.pronal.com\/en\/#\/schema\/logo\/image\/\"}}]}<\/script>\n<!-- \/ Yoast SEO plugin. -->","yoast_head_json":{"title":"Privacy policy - Pronal - Conception et fabrication de structure flexible","robots":{"index":"index","follow":"follow","max-snippet":"max-snippet:-1","max-image-preview":"max-image-preview:large","max-video-preview":"max-video-preview:-1"},"canonical":"https:\/\/www.pronal.com\/en\/privacy-policy\/","og_locale":"en_US","og_type":"article","og_title":"Privacy policy - Pronal - Conception et fabrication de structure flexible","og_description":"[vc_row][vc_column][vc_column_text] La pr\u00e9sente politique de confidentialit\u00e9 est fond\u00e9e sur le R\u00e8glement UE 2016\/679 relatif \u00e0 la protection des donn\u00e9es (RGPD) ainsi que sur votre consentement \u00e9clair\u00e9. Elle a pour objectif...","og_url":"https:\/\/www.pronal.com\/en\/privacy-policy\/","og_site_name":"Pronal - Conception et fabrication de structure flexible","article_modified_time":"2019-04-25T12:44:21+00:00","twitter_card":"summary_large_image","twitter_misc":{"Est. reading time":"7 minutes"},"schema":{"@context":"https:\/\/schema.org","@graph":[{"@type":"WebPage","@id":"https:\/\/www.pronal.com\/en\/privacy-policy\/","url":"https:\/\/www.pronal.com\/en\/privacy-policy\/","name":"Privacy policy - Pronal - Conception et fabrication de structure flexible","isPartOf":{"@id":"https:\/\/www.pronal.com\/en\/#website"},"datePublished":"2018-11-07T10:29:39+00:00","dateModified":"2019-04-25T12:44:21+00:00","inLanguage":"en-US","potentialAction":[{"@type":"ReadAction","target":["https:\/\/www.pronal.com\/en\/privacy-policy\/"]}]},{"@type":"WebSite","@id":"https:\/\/www.pronal.com\/en\/#website","url":"https:\/\/www.pronal.com\/en\/","name":"Pronal - Conception et fabrication de structure flexible","description":"Pronal - Conception et fabrication de structure flexible","publisher":{"@id":"https:\/\/www.pronal.com\/en\/#organization"},"potentialAction":[{"@type":"SearchAction","target":{"@type":"EntryPoint","urlTemplate":"https:\/\/www.pronal.com\/en\/?s={search_term_string}"},"query-input":{"@type":"PropertyValueSpecification","valueRequired":true,"valueName":"search_term_string"}}],"inLanguage":"en-US"},{"@type":"Organization","@id":"https:\/\/www.pronal.com\/en\/#organization","name":"Pronal","url":"https:\/\/www.pronal.com\/en\/","logo":{"@type":"ImageObject","inLanguage":"en-US","@id":"https:\/\/www.pronal.com\/en\/#\/schema\/logo\/image\/","url":"https:\/\/www.pronal.com\/wp-content\/uploads\/2019\/06\/logo-pronal.png","contentUrl":"https:\/\/www.pronal.com\/wp-content\/uploads\/2019\/06\/logo-pronal.png","width":504,"height":80,"caption":"Pronal"},"image":{"@id":"https:\/\/www.pronal.com\/en\/#\/schema\/logo\/image\/"}}]}},"_links":{"self":[{"href":"https:\/\/www.pronal.com\/en\/wp-json\/wp\/v2\/pages\/3129","targetHints":{"allow":["GET"]}}],"collection":[{"href":"https:\/\/www.pronal.com\/en\/wp-json\/wp\/v2\/pages"}],"about":[{"href":"https:\/\/www.pronal.com\/en\/wp-json\/wp\/v2\/types\/page"}],"author":[{"embeddable":true,"href":"https:\/\/www.pronal.com\/en\/wp-json\/wp\/v2\/users\/2"}],"replies":[{"embeddable":true,"href":"https:\/\/www.pronal.com\/en\/wp-json\/wp\/v2\/comments?post=3129"}],"version-history":[{"count":0,"href":"https:\/\/www.pronal.com\/en\/wp-json\/wp\/v2\/pages\/3129\/revisions"}],"wp:attachment":[{"href":"https:\/\/www.pronal.com\/en\/wp-json\/wp\/v2\/media?parent=3129"}],"curies":[{"name":"wp","href":"https:\/\/api.w.org\/{rel}","templated":true}]}}