{"id":9652,"date":"2016-11-26T14:43:56","date_gmt":"2016-11-26T13:43:56","guid":{"rendered":"https:\/\/www.pronal.com\/projets\/coussins-gonflables-pour-lever-une-machine-2\/"},"modified":"2020-05-27T18:17:57","modified_gmt":"2020-05-27T16:17:57","slug":"cojines-de-aire-para-elevar-una-maquina","status":"publish","type":"projets","link":"https:\/\/www.pronal.com\/es\/proyectos\/cojines-de-aire-para-elevar-una-maquina\/","title":{"rendered":"Utiliza nuestros cojines de aire para elevar una m\u00e1quina de 25 toneladas"},"content":{"rendered":"<div class=\"wpb-content-wrapper\"><p>[vc_row][vc_column][vc_column_text]<\/p>\n<h3>Caso<\/h3>\n<p>Nuestro cliente, dise\u00f1ador y fabricante franc\u00e9s de m\u00e1quinas con control digital, nos contact\u00f3 porque buscaba una soluci\u00f3n para <strong><span style=\"color: #00a7e1;\">elevar sus m\u00e1quinas<\/span><\/strong>, cada vez m\u00e1s pesadas, llegando incluso a alcanzar el l\u00edmite de capacidad de los puentes (20 T). <strong><span style=\"color: #00a7e1;\">Sus nuevas m\u00e1quinas pesan ahora 25 T<\/span><\/strong>.<\/p>\n<p>Aplicaci\u00f3n: <strong><span style=\"color: #00a7e1;\">Levantar una m\u00e1quina para colocar rodillos de transporte. El puente tiene una capacidad m\u00e1xima de 20 T<\/span><\/strong>.<\/p>\n<ul>\n<li>Carga por elevar: <span style=\"color: #00a7e1;\"><strong>25 T<\/strong><\/span><\/li>\n<li>Altura entre el suelo y el chasis <span style=\"color: #00a7e1;\"><strong>100 mm<\/strong><\/span><\/li>\n<li>Altura de elevaci\u00f3n: <span style=\"color: #00a7e1;\"><strong>85 mm<\/strong><\/span><\/li>\n<li>Altura total: <span style=\"color: #00a7e1;\"><strong>185 mm<\/strong><\/span><\/li>\n<li><span style=\"color: #00a7e1;\"><strong>Superficie de contacto reducida<\/strong><\/span> en el bastidor<\/li>\n<li><span style=\"color: #00a7e1;\"><strong>Controlar simult\u00e1neamente los sistemas de elevaci\u00f3n<\/strong><\/span> para elevar la m\u00e1quina a la derecha.<\/li>\n<\/ul>\n<p>[\/vc_column_text][\/vc_column][\/vc_row][vc_row][vc_column][vc_column_text]<\/p>\n<h3>Soluci\u00f3n<\/h3>\n<p>Pronal propuso <span style=\"color: #00a7e1;\"><strong>4 cojines inflables de elevaci\u00f3n CLT 43<\/strong><\/span>. El kit se complet\u00f3 con <strong><span style=\"color: #00a7e1;\">4 tubos de 10 m<\/span><\/strong> y <strong><span style=\"color: #00a7e1;\">2 rampas de control de 2 v\u00edas<\/span><\/strong>. Este sistema de elevaci\u00f3n flexible, simple y pr\u00e1ctico de implementar, permiti\u00f3 a nuestro cliente levantar las m\u00e1quinas con aire comprimido y alcanzar una altura de m\u00e1s de 115 mm.<\/p>\n<p>Adem\u00e1s, los cojines fueron <strong><span style=\"color: #00a7e1;\">controlados a distancia<\/span><\/strong> mediante una caja de control m\u00f3vil. Un dispositivo esencial que proporciona la seguridad necesaria para sus operarios cuando manejan las m\u00e1quinas.[\/vc_column_text][\/vc_column][\/vc_row][vc_row][vc_column width=\u00bb1\/2&#8243;][vc_single_image image=\u00bb7189&#8243; img_size=\u00bblarge\u00bb][\/vc_column][vc_column width=\u00bb1\/2&#8243;][vc_single_image image=\u00bb7194&#8243; img_size=\u00bblarge\u00bb][\/vc_column][\/vc_row][vc_row full_width=\u00bbstretch_row_content_no_spaces\u00bb][vc_column][vc_pr_testimonials_single citation=\u00bb\u00abAlgunas de nuestras m\u00e1quinas tienen una carga mayor que la capacidad de elevaci\u00f3n de nuestros puentes gr\u00faa. Tenemos un presupuesto limitado y no pod\u00edamos justificar la inversi\u00f3n en nuevos puentes para levantar solo diez m\u00e1quinas al a\u00f1o. La \u00fanica opci\u00f3n que ten\u00edamos era encontrar una soluci\u00f3n para levantar las m\u00e1quinas y poder colocar debajo los rodillos de transporte.<br \/>\nLuego, extenderemos el uso de este dispositivo de elevaci\u00f3n a nuestros equipos de instalaci\u00f3n que no siempre tienen puentes de gran capacidad (edificios en construcci\u00f3n). Recomendamos el coj\u00edn de elevaci\u00f3n para todas las aplicaciones similares\u00bb\u00bb function=\u00bbResponsable de producci\u00f3n\u00bb][\/vc_column][\/vc_row][vc_row full_width=\u00bbstretch_row_content_no_spaces\u00bb][vc_column][vc_pr_numbers][vc_pr_numbers_item number=\u00bb25 T\u00bb description=\u00bbelevadas (m\u00e1quina)\u00bb][\/vc_pr_numbers_item][vc_pr_numbers_item number=\u00bb4&#8243; description=\u00bbcojines de elevaci\u00f3n suministrados\u00bb][\/vc_pr_numbers_item][vc_pr_numbers_item number=\u00bb185 mm\u00bb description=\u00bbde altura total\u00bb][\/vc_pr_numbers_item][\/vc_pr_numbers][\/vc_column][\/vc_row]<\/p>\n<\/div>","protected":false},"excerpt":{"rendered":"<p>Objetivo: levantar una m\u00e1quina de 25 T para colocar debajo rodillos transportadores.<\/p>\n","protected":false},"featured_media":7193,"template":"","meta":{"_acf_changed":false,"inline_featured_image":false},"project_categories":[],"class_list":["post-9652","projets","type-projets","status-publish","has-post-thumbnail","hentry"],"acf":[],"yoast_head":"<!-- This site is optimized with the Yoast SEO plugin v25.8 - https:\/\/yoast.com\/wordpress\/plugins\/seo\/ -->\n<title>Cojines de elevaci\u00f3n para m\u00e1quinas de 25 T | Pronal<\/title>\n<meta name=\"description\" content=\"Un fabricante utiliza cojines de elevaci\u00f3n inflables\/neum\u00e1ticos para elevar una m\u00e1quina de 25 toneladas y colocar debajo rodillos de transporte.\" \/>\n<meta name=\"robots\" content=\"index, follow, max-snippet:-1, max-image-preview:large, max-video-preview:-1\" \/>\n<link rel=\"canonical\" href=\"https:\/\/www.pronal.com\/es\/proyectos\/cojines-de-aire-para-elevar-una-maquina\/\" \/>\n<meta property=\"og:locale\" content=\"es_ES\" \/>\n<meta property=\"og:type\" content=\"article\" \/>\n<meta property=\"og:title\" content=\"Cojines de elevaci\u00f3n para m\u00e1quinas de 25 T | Pronal\" \/>\n<meta property=\"og:description\" content=\"Un fabricante utiliza cojines de elevaci\u00f3n inflables\/neum\u00e1ticos para elevar una m\u00e1quina de 25 toneladas y colocar debajo rodillos de transporte.\" \/>\n<meta property=\"og:url\" content=\"https:\/\/www.pronal.com\/es\/proyectos\/cojines-de-aire-para-elevar-una-maquina\/\" \/>\n<meta property=\"og:site_name\" content=\"Pronal - Conception et fabrication de structure flexible\" \/>\n<meta property=\"article:modified_time\" content=\"2020-05-27T16:17:57+00:00\" \/>\n<meta property=\"og:image\" content=\"https:\/\/www.pronal.com\/wp-content\/uploads\/2019\/09\/levage-de-machine-par-coussin.jpg\" \/>\n\t<meta property=\"og:image:width\" content=\"656\" \/>\n\t<meta property=\"og:image:height\" content=\"327\" \/>\n\t<meta property=\"og:image:type\" content=\"image\/jpeg\" \/>\n<meta name=\"twitter:card\" content=\"summary_large_image\" \/>\n<meta name=\"twitter:label1\" content=\"Tiempo de lectura\" \/>\n\t<meta name=\"twitter:data1\" content=\"2 minutos\" \/>\n<script type=\"application\/ld+json\" class=\"yoast-schema-graph\">{\"@context\":\"https:\/\/schema.org\",\"@graph\":[{\"@type\":\"WebPage\",\"@id\":\"https:\/\/www.pronal.com\/es\/proyectos\/cojines-de-aire-para-elevar-una-maquina\/\",\"url\":\"https:\/\/www.pronal.com\/es\/proyectos\/cojines-de-aire-para-elevar-una-maquina\/\",\"name\":\"Cojines de elevaci\u00f3n para m\u00e1quinas de 25 T | Pronal\",\"isPartOf\":{\"@id\":\"https:\/\/www.pronal.com\/es\/#website\"},\"primaryImageOfPage\":{\"@id\":\"https:\/\/www.pronal.com\/es\/proyectos\/cojines-de-aire-para-elevar-una-maquina\/#primaryimage\"},\"image\":{\"@id\":\"https:\/\/www.pronal.com\/es\/proyectos\/cojines-de-aire-para-elevar-una-maquina\/#primaryimage\"},\"thumbnailUrl\":\"https:\/\/www.pronal.com\/wp-content\/uploads\/2019\/09\/levage-de-machine-par-coussin.jpg\",\"datePublished\":\"2016-11-26T13:43:56+00:00\",\"dateModified\":\"2020-05-27T16:17:57+00:00\",\"description\":\"Un fabricante utiliza cojines de elevaci\u00f3n inflables\/neum\u00e1ticos para elevar una m\u00e1quina de 25 toneladas y colocar debajo rodillos de transporte.\",\"breadcrumb\":{\"@id\":\"https:\/\/www.pronal.com\/es\/proyectos\/cojines-de-aire-para-elevar-una-maquina\/#breadcrumb\"},\"inLanguage\":\"es\",\"potentialAction\":[{\"@type\":\"ReadAction\",\"target\":[\"https:\/\/www.pronal.com\/es\/proyectos\/cojines-de-aire-para-elevar-una-maquina\/\"]}]},{\"@type\":\"ImageObject\",\"inLanguage\":\"es\",\"@id\":\"https:\/\/www.pronal.com\/es\/proyectos\/cojines-de-aire-para-elevar-una-maquina\/#primaryimage\",\"url\":\"https:\/\/www.pronal.com\/wp-content\/uploads\/2019\/09\/levage-de-machine-par-coussin.jpg\",\"contentUrl\":\"https:\/\/www.pronal.com\/wp-content\/uploads\/2019\/09\/levage-de-machine-par-coussin.jpg\",\"width\":656,\"height\":327,\"caption\":\"Levantamiento de la m\u00e1quina por un coj\u00edn inflable\"},{\"@type\":\"BreadcrumbList\",\"@id\":\"https:\/\/www.pronal.com\/es\/proyectos\/cojines-de-aire-para-elevar-una-maquina\/#breadcrumb\",\"itemListElement\":[{\"@type\":\"ListItem\",\"position\":1,\"name\":\"Projets\",\"item\":\"https:\/\/www.pronal.com\/projets\/\"},{\"@type\":\"ListItem\",\"position\":2,\"name\":\"Utiliza nuestros cojines de aire para elevar una m\u00e1quina de 25 toneladas\"}]},{\"@type\":\"WebSite\",\"@id\":\"https:\/\/www.pronal.com\/es\/#website\",\"url\":\"https:\/\/www.pronal.com\/es\/\",\"name\":\"Pronal - Conception et fabrication de structure flexible\",\"description\":\"Pronal - Conception et fabrication de structure flexible\",\"publisher\":{\"@id\":\"https:\/\/www.pronal.com\/es\/#organization\"},\"potentialAction\":[{\"@type\":\"SearchAction\",\"target\":{\"@type\":\"EntryPoint\",\"urlTemplate\":\"https:\/\/www.pronal.com\/es\/?s={search_term_string}\"},\"query-input\":{\"@type\":\"PropertyValueSpecification\",\"valueRequired\":true,\"valueName\":\"search_term_string\"}}],\"inLanguage\":\"es\"},{\"@type\":\"Organization\",\"@id\":\"https:\/\/www.pronal.com\/es\/#organization\",\"name\":\"Pronal\",\"url\":\"https:\/\/www.pronal.com\/es\/\",\"logo\":{\"@type\":\"ImageObject\",\"inLanguage\":\"es\",\"@id\":\"https:\/\/www.pronal.com\/es\/#\/schema\/logo\/image\/\",\"url\":\"https:\/\/www.pronal.com\/wp-content\/uploads\/2019\/06\/logo-pronal.png\",\"contentUrl\":\"https:\/\/www.pronal.com\/wp-content\/uploads\/2019\/06\/logo-pronal.png\",\"width\":504,\"height\":80,\"caption\":\"Pronal\"},\"image\":{\"@id\":\"https:\/\/www.pronal.com\/es\/#\/schema\/logo\/image\/\"}}]}<\/script>\n<!-- \/ Yoast SEO plugin. -->","yoast_head_json":{"title":"Cojines de elevaci\u00f3n para m\u00e1quinas de 25 T | Pronal","description":"Un fabricante utiliza cojines de elevaci\u00f3n inflables\/neum\u00e1ticos para elevar una m\u00e1quina de 25 toneladas y colocar debajo rodillos de transporte.","robots":{"index":"index","follow":"follow","max-snippet":"max-snippet:-1","max-image-preview":"max-image-preview:large","max-video-preview":"max-video-preview:-1"},"canonical":"https:\/\/www.pronal.com\/es\/proyectos\/cojines-de-aire-para-elevar-una-maquina\/","og_locale":"es_ES","og_type":"article","og_title":"Cojines de elevaci\u00f3n para m\u00e1quinas de 25 T | Pronal","og_description":"Un fabricante utiliza cojines de elevaci\u00f3n inflables\/neum\u00e1ticos para elevar una m\u00e1quina de 25 toneladas y colocar debajo rodillos de transporte.","og_url":"https:\/\/www.pronal.com\/es\/proyectos\/cojines-de-aire-para-elevar-una-maquina\/","og_site_name":"Pronal - Conception et fabrication de structure flexible","article_modified_time":"2020-05-27T16:17:57+00:00","og_image":[{"width":656,"height":327,"url":"https:\/\/www.pronal.com\/wp-content\/uploads\/2019\/09\/levage-de-machine-par-coussin.jpg","type":"image\/jpeg"}],"twitter_card":"summary_large_image","twitter_misc":{"Tiempo de lectura":"2 minutos"},"schema":{"@context":"https:\/\/schema.org","@graph":[{"@type":"WebPage","@id":"https:\/\/www.pronal.com\/es\/proyectos\/cojines-de-aire-para-elevar-una-maquina\/","url":"https:\/\/www.pronal.com\/es\/proyectos\/cojines-de-aire-para-elevar-una-maquina\/","name":"Cojines de elevaci\u00f3n para m\u00e1quinas de 25 T | Pronal","isPartOf":{"@id":"https:\/\/www.pronal.com\/es\/#website"},"primaryImageOfPage":{"@id":"https:\/\/www.pronal.com\/es\/proyectos\/cojines-de-aire-para-elevar-una-maquina\/#primaryimage"},"image":{"@id":"https:\/\/www.pronal.com\/es\/proyectos\/cojines-de-aire-para-elevar-una-maquina\/#primaryimage"},"thumbnailUrl":"https:\/\/www.pronal.com\/wp-content\/uploads\/2019\/09\/levage-de-machine-par-coussin.jpg","datePublished":"2016-11-26T13:43:56+00:00","dateModified":"2020-05-27T16:17:57+00:00","description":"Un fabricante utiliza cojines de elevaci\u00f3n inflables\/neum\u00e1ticos para elevar una m\u00e1quina de 25 toneladas y colocar debajo rodillos de transporte.","breadcrumb":{"@id":"https:\/\/www.pronal.com\/es\/proyectos\/cojines-de-aire-para-elevar-una-maquina\/#breadcrumb"},"inLanguage":"es","potentialAction":[{"@type":"ReadAction","target":["https:\/\/www.pronal.com\/es\/proyectos\/cojines-de-aire-para-elevar-una-maquina\/"]}]},{"@type":"ImageObject","inLanguage":"es","@id":"https:\/\/www.pronal.com\/es\/proyectos\/cojines-de-aire-para-elevar-una-maquina\/#primaryimage","url":"https:\/\/www.pronal.com\/wp-content\/uploads\/2019\/09\/levage-de-machine-par-coussin.jpg","contentUrl":"https:\/\/www.pronal.com\/wp-content\/uploads\/2019\/09\/levage-de-machine-par-coussin.jpg","width":656,"height":327,"caption":"Levantamiento de la m\u00e1quina por un coj\u00edn inflable"},{"@type":"BreadcrumbList","@id":"https:\/\/www.pronal.com\/es\/proyectos\/cojines-de-aire-para-elevar-una-maquina\/#breadcrumb","itemListElement":[{"@type":"ListItem","position":1,"name":"Projets","item":"https:\/\/www.pronal.com\/projets\/"},{"@type":"ListItem","position":2,"name":"Utiliza nuestros cojines de aire para elevar una m\u00e1quina de 25 toneladas"}]},{"@type":"WebSite","@id":"https:\/\/www.pronal.com\/es\/#website","url":"https:\/\/www.pronal.com\/es\/","name":"Pronal - Conception et fabrication de structure flexible","description":"Pronal - Conception et fabrication de structure flexible","publisher":{"@id":"https:\/\/www.pronal.com\/es\/#organization"},"potentialAction":[{"@type":"SearchAction","target":{"@type":"EntryPoint","urlTemplate":"https:\/\/www.pronal.com\/es\/?s={search_term_string}"},"query-input":{"@type":"PropertyValueSpecification","valueRequired":true,"valueName":"search_term_string"}}],"inLanguage":"es"},{"@type":"Organization","@id":"https:\/\/www.pronal.com\/es\/#organization","name":"Pronal","url":"https:\/\/www.pronal.com\/es\/","logo":{"@type":"ImageObject","inLanguage":"es","@id":"https:\/\/www.pronal.com\/es\/#\/schema\/logo\/image\/","url":"https:\/\/www.pronal.com\/wp-content\/uploads\/2019\/06\/logo-pronal.png","contentUrl":"https:\/\/www.pronal.com\/wp-content\/uploads\/2019\/06\/logo-pronal.png","width":504,"height":80,"caption":"Pronal"},"image":{"@id":"https:\/\/www.pronal.com\/es\/#\/schema\/logo\/image\/"}}]}},"_links":{"self":[{"href":"https:\/\/www.pronal.com\/es\/wp-json\/wp\/v2\/projets\/9652","targetHints":{"allow":["GET"]}}],"collection":[{"href":"https:\/\/www.pronal.com\/es\/wp-json\/wp\/v2\/projets"}],"about":[{"href":"https:\/\/www.pronal.com\/es\/wp-json\/wp\/v2\/types\/projets"}],"wp:featuredmedia":[{"embeddable":true,"href":"https:\/\/www.pronal.com\/es\/wp-json\/wp\/v2\/media\/7193"}],"wp:attachment":[{"href":"https:\/\/www.pronal.com\/es\/wp-json\/wp\/v2\/media?parent=9652"}],"wp:term":[{"taxonomy":"project_categories","embeddable":true,"href":"https:\/\/www.pronal.com\/es\/wp-json\/wp\/v2\/project_categories?post=9652"}],"curies":[{"name":"wp","href":"https:\/\/api.w.org\/{rel}","templated":true}]}}