{"id":9658,"date":"2020-04-23T10:21:23","date_gmt":"2020-04-23T08:21:23","guid":{"rendered":"https:\/\/www.pronal.com\/projets\/gaec-de-la-tour-elargit-sa-capacite-de-stockage-effluents-agricoles-avec-une-citerne-souple-1200-m3\/"},"modified":"2020-05-27T18:16:49","modified_gmt":"2020-05-27T16:16:49","slug":"gaec-de-la-tour-amplia-su-capacidad-de-almacenamiento-de-efluentes-agricolas-con-una-cisterna-flexible-de-1200-m3","status":"publish","type":"projets","link":"https:\/\/www.pronal.com\/es\/proyectos\/gaec-de-la-tour-amplia-su-capacidad-de-almacenamiento-de-efluentes-agricolas-con-una-cisterna-flexible-de-1200-m3\/","title":{"rendered":"GAEC de la Tour ampl\u00eda su capacidad de almacenamiento de efluentes agr\u00edcolas con una cisterna flexible de 1200 m3"},"content":{"rendered":"<div class=\"wpb-content-wrapper\"><p>[vc_row][vc_column width=\u00bb2\/3&#8243;][vc_column_text css_animation=\u00bbleft-to-right\u00bb]<\/p>\n<h3>Caso<\/h3>\n<p><span style=\"color: #00a7e1;\"><strong>GAEC de la Tour<\/strong><\/span>, granja agr\u00edcola instalada en Los Vosgos, necesitaba ampliar su capacidad de almacenamiento de efluentes agr\u00edcolas. De hecho, su fosa de hormig\u00f3n se hab\u00eda quedado peque\u00f1a tras el aumento de su ganado. Y con la puesta al d\u00eda normativa la capacidad de almacenamiento a largo plazo era impensable con este sistema.<\/p>\n<p>En consecuencia, la nueva soluci\u00f3n de almacenamiento de efluentes ganaderos adecuada a sus necesidades ten\u00eda que:<\/p>\n<ul>\n<li><span style=\"color: #00a7e1;\"><strong>tener una capacidad de almacenamiento de 1200 m3<\/strong><\/span>,<\/li>\n<li><span style=\"color: #00a7e1;\"><strong>llenarse y vaciarse por debajo para evitar todas las tuber\u00edas y los tubos que quedaban por encima del suelo<\/strong><\/span>.<\/li>\n<\/ul>\n<p>[\/vc_column_text][\/vc_column][vc_column width=\u00bb1\/3&#8243;][vc_single_image image=\u00bb9073&#8243; img_size=\u00bblarge\u00bb css_animation=\u00bbtop-to-bottom\u00bb][\/vc_column][\/vc_row][vc_row][vc_column][vc_column_text css_animation=\u00bbright-to-left\u00bb]<\/p>\n<h3>La soluci\u00f3n: la cisterna flexible de almacenamiento de efluentes agr\u00edcolas<\/h3>\n<p>Pronal, en <a href=\"https:\/\/www.cal-lorraine.fr\/\"><strong><span style=\"color: #00a7e1;\">asociaci\u00f3n con el grupo CAL (Coop\u00e9rative Agricole Lorraine)<\/span><\/strong><\/a>, proporcion\u00f3 <span style=\"text-decoration: underline;\"><span style=\"color: #00a7e1; text-decoration: underline;\"><strong><a style=\"color: #00a7e1; text-decoration: underline;\" href=\"https:\/\/www.pronal.com\/es\/?post_type=product&amp;p=9478\">una cisterna flexible de almacenamiento de efluentes agr\u00edcolas<\/a><\/strong><\/span><\/span> con una capacidad de <strong><span style=\"color: #00a7e1;\">1200 m3<\/span><\/strong> y con las siguientes caracter\u00edsticas:<\/p>\n<ul>\n<li><strong>Tejido recubierto de PVC para el almacenamiento de efluentes agr\u00edcolas, ensamblado mediante soldadura por alta frecuencia<\/strong><\/li>\n<li><strong>1 toma de llenado colocada<\/strong> bajo la cisterna<\/li>\n<li><strong>1 toma de vaciado colocada<\/strong> bajo la cisterna<\/li>\n<li><strong>1 toma de desbordamiento<\/strong><\/li>\n<li><strong>6 tomas de desgasificaci\u00f3n<\/strong><\/li>\n<li><strong>y 4 placas de refuerzo de esquina<\/strong>.<\/li>\n<\/ul>\n<p>Tras el tratamiento del pur\u00edn con un separador de fases, los efluentes l\u00edquidos se almacenar\u00e1n en la cisterna flexible. As\u00ed los efluentes se pueden almacenar <strong><span style=\"color: #00a7e1;\">a largo plazo hasta el momento de esparcir los efluentes<\/span><\/strong>. Entonces el agricultor vaciar\u00e1 la cisterna con un pedal de bombeo. Luego podr\u00e1 esparcir el fertilizante en el campo <span style=\"color: #00a7e1;\"><strong>sin bajarse del tractor<\/strong><\/span>.<\/p>\n<p><strong>Ventajas de esta soluci\u00f3n de almacenamiento de efluentes agr\u00edcolas:<\/strong><\/p>\n<ul>\n<li><span style=\"color: #00a7e1;\"><strong>una notoria reducci\u00f3n de olores<\/strong><\/span><\/li>\n<li><span style=\"color: #00a7e1;\"><strong>un volumen \u00fatil real<\/strong><\/span> (sin agua de lluvia)<\/li>\n<li><span style=\"color: #00a7e1;\"><strong>un fertilizante de m\u00e1xima calidad<\/strong><\/span> (sin que parezca que se esparce solo agua)<\/li>\n<li><span style=\"color: #00a7e1;\"><strong>un ahorro de tiempo<\/strong><\/span> gracias a la r\u00e1pida instalaci\u00f3n<\/li>\n<li><span style=\"color: #00a7e1;\"><strong>y una excelente relaci\u00f3n calidad\/precio<\/strong><\/span>.<\/li>\n<\/ul>\n<p>[\/vc_column_text][\/vc_column][\/vc_row][vc_row][vc_column width=\u00bb1\/2&#8243;][vc_single_image image=\u00bb9063&#8243; img_size=\u00bblarge\u00bb css_animation=\u00bbtop-to-bottom\u00bb][\/vc_column][vc_column width=\u00bb1\/2&#8243;][vc_single_image image=\u00bb9068&#8243; img_size=\u00bblarge\u00bb css_animation=\u00bbbottom-to-top\u00bb][\/vc_column][\/vc_row][vc_row][vc_column][vc_column_text css_animation=\u00bbleft-to-right\u00bb]<\/p>\n<h3>Conclusi\u00f3n<\/h3>\n<p>La <strong><span style=\"color: #00a7e1;\">cisterna flexible PRONAL<\/span><\/strong> cumpli\u00f3 con todas las expectativas del agricultor. Gracias al tama\u00f1o de esta reserva flexible de efluentes, podr\u00e1 prever un aumento de su ganado o una nueva puesta al d\u00eda normativa. Al instalar este tipo de almacenamiento flexible, <strong><span style=\"color: #00a7e1;\">GAEC de la Tour ha minimizado su inversi\u00f3n<\/span><\/strong>. En consecuencia, <strong><span style=\"color: #00a7e1;\">ha podido ahorrar dinero<\/span><\/strong> respecto a la instalaci\u00f3n de una fosa de hormig\u00f3n o de pur\u00edn. Adem\u00e1s, su fertilizante es y seguir\u00e1 siendo puro, ya que <strong><span style=\"color: #00a7e1;\">no se diluir\u00e1 con agua de lluvia<\/span><\/strong>.[\/vc_column_text][\/vc_column][\/vc_row][vc_row full_width=\u00bbstretch_row\u00bb css=\u00bb.vc_custom_1581937609652{background-color: #28b7ff !important;}\u00bb][vc_column][vc_column_text css_animation=\u00bbleft-to-right\u00bb css=\u00bb.vc_custom_1587636472409{background-color: #28b7ff !important;}\u00bb]<span style=\"color: #ffffff;\"><em><strong>Nota<\/strong> <strong>: \u00bfY por qu\u00e9 no una fosa de hormig\u00f3n o una fosa de pur\u00edn?<\/strong> Muy simple, porque la fosa de hormig\u00f3n, como su nombre indica, est\u00e1 fabricada con hormig\u00f3n, por lo que exige mano de obra, tiempo, maquinaria&#8230; y, por tanto, bastante presupuesto. Adem\u00e1s, con la nueva normativa, la fosa tiene que estar cubierta para evitar los olores. Y, por \u00faltimo, adem\u00e1s de contener efluentes agr\u00edcolas, almacena agua pluvial, que se mezclar\u00eda con el fertilizante y lo diluir\u00eda. Resultado: un fertilizante de menor calidad para los campos.<\/em><\/span>[\/vc_column_text][\/vc_column][\/vc_row]<\/p>\n<\/div>","protected":false},"excerpt":{"rendered":"<p>Una cisterna flexible de 1200 m3 para el almacenamiento de efluentes agr\u00edcolas y ganaderos<\/p>\n","protected":false},"featured_media":9072,"template":"","meta":{"_acf_changed":false,"inline_featured_image":false},"project_categories":[191],"class_list":["post-9658","projets","type-projets","status-publish","has-post-thumbnail","hentry","project_categories-almacenar"],"acf":[],"yoast_head":"<!-- This site is optimized with the Yoast SEO plugin v25.8 - https:\/\/yoast.com\/wordpress\/plugins\/seo\/ -->\n<title>GAEC de la Tour ampl\u00eda su capacidad de almacenamiento de efluentes agr\u00edcolas | Pronal<\/title>\n<meta name=\"description\" content=\"GAEC de la Tour, granja agr\u00edcola instalada en Los Vosgos, necesitaba ampliar su capacidad de almacenamiento de efluentes agr\u00edcolas. La soluci\u00f3n: la cisterna flexible Pronal.\" \/>\n<meta name=\"robots\" content=\"index, follow, max-snippet:-1, max-image-preview:large, max-video-preview:-1\" \/>\n<link rel=\"canonical\" href=\"https:\/\/www.pronal.com\/es\/proyectos\/gaec-de-la-tour-amplia-su-capacidad-de-almacenamiento-de-efluentes-agricolas-con-una-cisterna-flexible-de-1200-m3\/\" \/>\n<meta property=\"og:locale\" content=\"es_ES\" \/>\n<meta property=\"og:type\" content=\"article\" \/>\n<meta property=\"og:title\" content=\"GAEC de la Tour ampl\u00eda su capacidad de almacenamiento de efluentes agr\u00edcolas | Pronal\" \/>\n<meta property=\"og:description\" content=\"GAEC de la Tour, granja agr\u00edcola instalada en Los Vosgos, necesitaba ampliar su capacidad de almacenamiento de efluentes agr\u00edcolas. La soluci\u00f3n: la cisterna flexible Pronal.\" \/>\n<meta property=\"og:url\" content=\"https:\/\/www.pronal.com\/es\/proyectos\/gaec-de-la-tour-amplia-su-capacidad-de-almacenamiento-de-efluentes-agricolas-con-una-cisterna-flexible-de-1200-m3\/\" \/>\n<meta property=\"og:site_name\" content=\"Pronal - Conception et fabrication de structure flexible\" \/>\n<meta property=\"article:modified_time\" content=\"2020-05-27T16:16:49+00:00\" \/>\n<meta property=\"og:image\" content=\"https:\/\/www.pronal.com\/wp-content\/uploads\/2020\/02\/citerne-souple-effluents-agricoles-remplie.jpg\" \/>\n\t<meta property=\"og:image:width\" content=\"656\" \/>\n\t<meta property=\"og:image:height\" content=\"327\" \/>\n\t<meta property=\"og:image:type\" content=\"image\/jpeg\" \/>\n<meta name=\"twitter:card\" content=\"summary_large_image\" \/>\n<meta name=\"twitter:label1\" content=\"Tiempo de lectura\" \/>\n\t<meta name=\"twitter:data1\" content=\"3 minutos\" \/>\n<script type=\"application\/ld+json\" class=\"yoast-schema-graph\">{\"@context\":\"https:\/\/schema.org\",\"@graph\":[{\"@type\":\"WebPage\",\"@id\":\"https:\/\/www.pronal.com\/es\/proyectos\/gaec-de-la-tour-amplia-su-capacidad-de-almacenamiento-de-efluentes-agricolas-con-una-cisterna-flexible-de-1200-m3\/\",\"url\":\"https:\/\/www.pronal.com\/es\/proyectos\/gaec-de-la-tour-amplia-su-capacidad-de-almacenamiento-de-efluentes-agricolas-con-una-cisterna-flexible-de-1200-m3\/\",\"name\":\"GAEC de la Tour ampl\u00eda su capacidad de almacenamiento de efluentes agr\u00edcolas | Pronal\",\"isPartOf\":{\"@id\":\"https:\/\/www.pronal.com\/es\/#website\"},\"primaryImageOfPage\":{\"@id\":\"https:\/\/www.pronal.com\/es\/proyectos\/gaec-de-la-tour-amplia-su-capacidad-de-almacenamiento-de-efluentes-agricolas-con-una-cisterna-flexible-de-1200-m3\/#primaryimage\"},\"image\":{\"@id\":\"https:\/\/www.pronal.com\/es\/proyectos\/gaec-de-la-tour-amplia-su-capacidad-de-almacenamiento-de-efluentes-agricolas-con-una-cisterna-flexible-de-1200-m3\/#primaryimage\"},\"thumbnailUrl\":\"https:\/\/www.pronal.com\/wp-content\/uploads\/2020\/02\/citerne-souple-effluents-agricoles-remplie.jpg\",\"datePublished\":\"2020-04-23T08:21:23+00:00\",\"dateModified\":\"2020-05-27T16:16:49+00:00\",\"description\":\"GAEC de la Tour, granja agr\u00edcola instalada en Los Vosgos, necesitaba ampliar su capacidad de almacenamiento de efluentes agr\u00edcolas. La soluci\u00f3n: la cisterna flexible Pronal.\",\"breadcrumb\":{\"@id\":\"https:\/\/www.pronal.com\/es\/proyectos\/gaec-de-la-tour-amplia-su-capacidad-de-almacenamiento-de-efluentes-agricolas-con-una-cisterna-flexible-de-1200-m3\/#breadcrumb\"},\"inLanguage\":\"es\",\"potentialAction\":[{\"@type\":\"ReadAction\",\"target\":[\"https:\/\/www.pronal.com\/es\/proyectos\/gaec-de-la-tour-amplia-su-capacidad-de-almacenamiento-de-efluentes-agricolas-con-una-cisterna-flexible-de-1200-m3\/\"]}]},{\"@type\":\"ImageObject\",\"inLanguage\":\"es\",\"@id\":\"https:\/\/www.pronal.com\/es\/proyectos\/gaec-de-la-tour-amplia-su-capacidad-de-almacenamiento-de-efluentes-agricolas-con-una-cisterna-flexible-de-1200-m3\/#primaryimage\",\"url\":\"https:\/\/www.pronal.com\/wp-content\/uploads\/2020\/02\/citerne-souple-effluents-agricoles-remplie.jpg\",\"contentUrl\":\"https:\/\/www.pronal.com\/wp-content\/uploads\/2020\/02\/citerne-souple-effluents-agricoles-remplie.jpg\",\"width\":656,\"height\":327,\"caption\":\"Dep\u00f3sito flexible de efluentes agr\u00edcolas lleno\"},{\"@type\":\"BreadcrumbList\",\"@id\":\"https:\/\/www.pronal.com\/es\/proyectos\/gaec-de-la-tour-amplia-su-capacidad-de-almacenamiento-de-efluentes-agricolas-con-una-cisterna-flexible-de-1200-m3\/#breadcrumb\",\"itemListElement\":[{\"@type\":\"ListItem\",\"position\":1,\"name\":\"Projets\",\"item\":\"https:\/\/www.pronal.com\/projets\/\"},{\"@type\":\"ListItem\",\"position\":2,\"name\":\"GAEC de la Tour ampl\u00eda su capacidad de almacenamiento de efluentes agr\u00edcolas con una cisterna flexible de 1200 m3\"}]},{\"@type\":\"WebSite\",\"@id\":\"https:\/\/www.pronal.com\/es\/#website\",\"url\":\"https:\/\/www.pronal.com\/es\/\",\"name\":\"Pronal - Conception et fabrication de structure flexible\",\"description\":\"Pronal - Conception et fabrication de structure flexible\",\"publisher\":{\"@id\":\"https:\/\/www.pronal.com\/es\/#organization\"},\"potentialAction\":[{\"@type\":\"SearchAction\",\"target\":{\"@type\":\"EntryPoint\",\"urlTemplate\":\"https:\/\/www.pronal.com\/es\/?s={search_term_string}\"},\"query-input\":{\"@type\":\"PropertyValueSpecification\",\"valueRequired\":true,\"valueName\":\"search_term_string\"}}],\"inLanguage\":\"es\"},{\"@type\":\"Organization\",\"@id\":\"https:\/\/www.pronal.com\/es\/#organization\",\"name\":\"Pronal\",\"url\":\"https:\/\/www.pronal.com\/es\/\",\"logo\":{\"@type\":\"ImageObject\",\"inLanguage\":\"es\",\"@id\":\"https:\/\/www.pronal.com\/es\/#\/schema\/logo\/image\/\",\"url\":\"https:\/\/www.pronal.com\/wp-content\/uploads\/2019\/06\/logo-pronal.png\",\"contentUrl\":\"https:\/\/www.pronal.com\/wp-content\/uploads\/2019\/06\/logo-pronal.png\",\"width\":504,\"height\":80,\"caption\":\"Pronal\"},\"image\":{\"@id\":\"https:\/\/www.pronal.com\/es\/#\/schema\/logo\/image\/\"}}]}<\/script>\n<!-- \/ Yoast SEO plugin. -->","yoast_head_json":{"title":"GAEC de la Tour ampl\u00eda su capacidad de almacenamiento de efluentes agr\u00edcolas | Pronal","description":"GAEC de la Tour, granja agr\u00edcola instalada en Los Vosgos, necesitaba ampliar su capacidad de almacenamiento de efluentes agr\u00edcolas. La soluci\u00f3n: la cisterna flexible Pronal.","robots":{"index":"index","follow":"follow","max-snippet":"max-snippet:-1","max-image-preview":"max-image-preview:large","max-video-preview":"max-video-preview:-1"},"canonical":"https:\/\/www.pronal.com\/es\/proyectos\/gaec-de-la-tour-amplia-su-capacidad-de-almacenamiento-de-efluentes-agricolas-con-una-cisterna-flexible-de-1200-m3\/","og_locale":"es_ES","og_type":"article","og_title":"GAEC de la Tour ampl\u00eda su capacidad de almacenamiento de efluentes agr\u00edcolas | Pronal","og_description":"GAEC de la Tour, granja agr\u00edcola instalada en Los Vosgos, necesitaba ampliar su capacidad de almacenamiento de efluentes agr\u00edcolas. La soluci\u00f3n: la cisterna flexible Pronal.","og_url":"https:\/\/www.pronal.com\/es\/proyectos\/gaec-de-la-tour-amplia-su-capacidad-de-almacenamiento-de-efluentes-agricolas-con-una-cisterna-flexible-de-1200-m3\/","og_site_name":"Pronal - Conception et fabrication de structure flexible","article_modified_time":"2020-05-27T16:16:49+00:00","og_image":[{"width":656,"height":327,"url":"https:\/\/www.pronal.com\/wp-content\/uploads\/2020\/02\/citerne-souple-effluents-agricoles-remplie.jpg","type":"image\/jpeg"}],"twitter_card":"summary_large_image","twitter_misc":{"Tiempo de lectura":"3 minutos"},"schema":{"@context":"https:\/\/schema.org","@graph":[{"@type":"WebPage","@id":"https:\/\/www.pronal.com\/es\/proyectos\/gaec-de-la-tour-amplia-su-capacidad-de-almacenamiento-de-efluentes-agricolas-con-una-cisterna-flexible-de-1200-m3\/","url":"https:\/\/www.pronal.com\/es\/proyectos\/gaec-de-la-tour-amplia-su-capacidad-de-almacenamiento-de-efluentes-agricolas-con-una-cisterna-flexible-de-1200-m3\/","name":"GAEC de la Tour ampl\u00eda su capacidad de almacenamiento de efluentes agr\u00edcolas | Pronal","isPartOf":{"@id":"https:\/\/www.pronal.com\/es\/#website"},"primaryImageOfPage":{"@id":"https:\/\/www.pronal.com\/es\/proyectos\/gaec-de-la-tour-amplia-su-capacidad-de-almacenamiento-de-efluentes-agricolas-con-una-cisterna-flexible-de-1200-m3\/#primaryimage"},"image":{"@id":"https:\/\/www.pronal.com\/es\/proyectos\/gaec-de-la-tour-amplia-su-capacidad-de-almacenamiento-de-efluentes-agricolas-con-una-cisterna-flexible-de-1200-m3\/#primaryimage"},"thumbnailUrl":"https:\/\/www.pronal.com\/wp-content\/uploads\/2020\/02\/citerne-souple-effluents-agricoles-remplie.jpg","datePublished":"2020-04-23T08:21:23+00:00","dateModified":"2020-05-27T16:16:49+00:00","description":"GAEC de la Tour, granja agr\u00edcola instalada en Los Vosgos, necesitaba ampliar su capacidad de almacenamiento de efluentes agr\u00edcolas. La soluci\u00f3n: la cisterna flexible Pronal.","breadcrumb":{"@id":"https:\/\/www.pronal.com\/es\/proyectos\/gaec-de-la-tour-amplia-su-capacidad-de-almacenamiento-de-efluentes-agricolas-con-una-cisterna-flexible-de-1200-m3\/#breadcrumb"},"inLanguage":"es","potentialAction":[{"@type":"ReadAction","target":["https:\/\/www.pronal.com\/es\/proyectos\/gaec-de-la-tour-amplia-su-capacidad-de-almacenamiento-de-efluentes-agricolas-con-una-cisterna-flexible-de-1200-m3\/"]}]},{"@type":"ImageObject","inLanguage":"es","@id":"https:\/\/www.pronal.com\/es\/proyectos\/gaec-de-la-tour-amplia-su-capacidad-de-almacenamiento-de-efluentes-agricolas-con-una-cisterna-flexible-de-1200-m3\/#primaryimage","url":"https:\/\/www.pronal.com\/wp-content\/uploads\/2020\/02\/citerne-souple-effluents-agricoles-remplie.jpg","contentUrl":"https:\/\/www.pronal.com\/wp-content\/uploads\/2020\/02\/citerne-souple-effluents-agricoles-remplie.jpg","width":656,"height":327,"caption":"Dep\u00f3sito flexible de efluentes agr\u00edcolas lleno"},{"@type":"BreadcrumbList","@id":"https:\/\/www.pronal.com\/es\/proyectos\/gaec-de-la-tour-amplia-su-capacidad-de-almacenamiento-de-efluentes-agricolas-con-una-cisterna-flexible-de-1200-m3\/#breadcrumb","itemListElement":[{"@type":"ListItem","position":1,"name":"Projets","item":"https:\/\/www.pronal.com\/projets\/"},{"@type":"ListItem","position":2,"name":"GAEC de la Tour ampl\u00eda su capacidad de almacenamiento de efluentes agr\u00edcolas con una cisterna flexible de 1200 m3"}]},{"@type":"WebSite","@id":"https:\/\/www.pronal.com\/es\/#website","url":"https:\/\/www.pronal.com\/es\/","name":"Pronal - Conception et fabrication de structure flexible","description":"Pronal - Conception et fabrication de structure flexible","publisher":{"@id":"https:\/\/www.pronal.com\/es\/#organization"},"potentialAction":[{"@type":"SearchAction","target":{"@type":"EntryPoint","urlTemplate":"https:\/\/www.pronal.com\/es\/?s={search_term_string}"},"query-input":{"@type":"PropertyValueSpecification","valueRequired":true,"valueName":"search_term_string"}}],"inLanguage":"es"},{"@type":"Organization","@id":"https:\/\/www.pronal.com\/es\/#organization","name":"Pronal","url":"https:\/\/www.pronal.com\/es\/","logo":{"@type":"ImageObject","inLanguage":"es","@id":"https:\/\/www.pronal.com\/es\/#\/schema\/logo\/image\/","url":"https:\/\/www.pronal.com\/wp-content\/uploads\/2019\/06\/logo-pronal.png","contentUrl":"https:\/\/www.pronal.com\/wp-content\/uploads\/2019\/06\/logo-pronal.png","width":504,"height":80,"caption":"Pronal"},"image":{"@id":"https:\/\/www.pronal.com\/es\/#\/schema\/logo\/image\/"}}]}},"_links":{"self":[{"href":"https:\/\/www.pronal.com\/es\/wp-json\/wp\/v2\/projets\/9658","targetHints":{"allow":["GET"]}}],"collection":[{"href":"https:\/\/www.pronal.com\/es\/wp-json\/wp\/v2\/projets"}],"about":[{"href":"https:\/\/www.pronal.com\/es\/wp-json\/wp\/v2\/types\/projets"}],"wp:featuredmedia":[{"embeddable":true,"href":"https:\/\/www.pronal.com\/es\/wp-json\/wp\/v2\/media\/9072"}],"wp:attachment":[{"href":"https:\/\/www.pronal.com\/es\/wp-json\/wp\/v2\/media?parent=9658"}],"wp:term":[{"taxonomy":"project_categories","embeddable":true,"href":"https:\/\/www.pronal.com\/es\/wp-json\/wp\/v2\/project_categories?post=9658"}],"curies":[{"name":"wp","href":"https:\/\/api.w.org\/{rel}","templated":true}]}}